{"id":3133,"date":"2025-11-21T09:35:14","date_gmt":"2025-11-21T09:35:14","guid":{"rendered":"https:\/\/katiafachgomez.com\/?page_id=3133"},"modified":"2025-12-23T14:58:49","modified_gmt":"2025-12-23T14:58:49","slug":"arte-secuestrado","status":"publish","type":"page","link":"https:\/\/katiafachgomez.com\/?page_id=3133","title":{"rendered":"Arte Secuestrado"},"content":{"rendered":"\n<div class=\"gb-element-33a99403\" style=\"--inline-bg-image: url(https:\/\/katiafachgomez.com\/wp-content\/uploads\/2025\/12\/Foto-abducted-art3-scaled.jpg)\"><\/div>\n\n\n\n<div class=\"gbp-section gb-element-ba360edc\">\n<div class=\"gbp-section__inner gb-element-23096974\">\n<div class=\"gb-element-a1cc54b9\">\n<p><\/p>\n\n\n\n<h1 class=\"gb-text gbp-section__headline\">Arte Secuestrado<\/h1>\n<\/div>\n<\/div>\n<\/div>\n\n\n\n<div class=\"gbp-section gb-element-1242c735\">\n<div class=\"gbp-section__inner gb-element-583877b8\"><div class=\"wp-block-image\">\n<figure class=\"aligncenter size-full\"><img decoding=\"async\" width=\"1500\" height=\"500\" data-src=\"https:\/\/katiafachgomez.com\/wp-content\/uploads\/2025\/11\/Banners-arte-secuestrado-1500x500-2.png\" alt=\"\" class=\"wp-image-3178 lazyload\" data-srcset=\"https:\/\/katiafachgomez.com\/wp-content\/uploads\/2025\/11\/Banners-arte-secuestrado-1500x500-2.png 1500w, https:\/\/katiafachgomez.com\/wp-content\/uploads\/2025\/11\/Banners-arte-secuestrado-1500x500-2-300x100.png 300w, https:\/\/katiafachgomez.com\/wp-content\/uploads\/2025\/11\/Banners-arte-secuestrado-1500x500-2-1024x341.png 1024w, https:\/\/katiafachgomez.com\/wp-content\/uploads\/2025\/11\/Banners-arte-secuestrado-1500x500-2-768x256.png 768w\" data-sizes=\"(max-width: 1500px) 100vw, 1500px\" src=\"data:image\/svg+xml;base64,PHN2ZyB3aWR0aD0iMSIgaGVpZ2h0PSIxIiB4bWxucz0iaHR0cDovL3d3dy53My5vcmcvMjAwMC9zdmciPjwvc3ZnPg==\" style=\"--smush-placeholder-width: 1500px; --smush-placeholder-aspect-ratio: 1500\/500;\" \/><\/figure>\n<\/div><\/div>\n<\/div>\n\n\n\n<div class=\"gb-element-8a5a9e4d\">\n<div class=\"gb-element-161a92dc\">\n<h2 class=\"gb-text gb-text-b0c67931\">Los m\u00e1rmoles del Parten\u00f3n, el penacho de Moctezuma y otras historias ocultas de nuestros museos<\/h2>\n\n\n\n<p class=\"gb-text gb-text-3e5389cd\"><strong>\u00bfA qui\u00e9n pertenecen los m\u00e1rmoles del Parten\u00f3n o el busto de Nefertiti? La historia de c\u00f3mo el imperialismo y el colonialismo llenaron nuestros museos.<\/strong><\/p>\n\n\n\n<p class=\"gb-text gb-text-2e607e2a texto-justificado\">Detr\u00e1s de muchas de las obras que admiramos cuando visitamos el Louvre, el Museo Brit\u00e1nico o el Met de Nueva York se oculta un pasado inc\u00f3modo. Son piezas que desaparecieron de su lugar de origen, arrancadas de templos, tumbas o palacios, y que hoy se siguen reclamando.<\/p>\n\n\n\n<p class=\"gb-text gb-text-977cc177 texto-justificado\"><br>Durante siglos, los grandes museos reunieron objetos procedentes de todos los rincones del planeta convencidos de estar preservando el patrimonio de la humanidad. Pero tras esa apariencia de universalidad se esconde una historia de conquistas, expolios y apropiaciones que todav\u00eda proyecta su sombra sobre nuestras instituciones culturales.<\/p>\n\n\n\n<p class=\"gb-text gb-text-758334f3\"><br>Este libro sigue el rastro de seis piezas emblem\u00e1ticas \u2014de los m\u00e1rmoles del Parten\u00f3n al penacho de Moctezuma, los bronces de Ben\u00edn y el busto de Nefertiti\u2014 para contar, con rigor y claridad, c\u00f3mo llegaron a las salas de exposici\u00f3n en las que reposan y para abrir el debate sobre su restituci\u00f3n.<\/p>\n<\/div>\n<\/div>\n\n\n\n<div class=\"gb-element-9a05f027\">\n<div class=\"gbp-section__inner gb-element-386deb3f\">\n<div class=\"gb-element-07e08031\">\n<h2 class=\"gb-text gbp-section__headline gb-text-cf52024e\">Rese\u00f1as<\/h2>\n<\/div>\n<\/div>\n\n\n\n<div class=\"gb-element-c6c748b0\">\n<div class=\"gb-element-260c7bfa\">\n<div class=\"gb-text gbp-section__text gb-text-3a80cd9f\">&#8220;\u00bfY si la identidad de los museos m\u00e1s importantes del planeta descansara sobre piezas que no deber\u00edan custodiar? El temblor que sacude a una de nuestras instituciones clave amenaza con alterar para siempre la visi\u00f3n que tenemos de nosotros mismos. Este libro lo cuenta. Y sus conclusiones son perturbadoras.&#8221;<\/div>\n\n\n\n<div class=\"gb-element-d221dd18\">\n<div class=\"gb-element-01ef3841\">\n<div class=\"gb-text gb-text-a8273dc5\">Javier Sierra<\/div>\n\n\n\n<div class=\"gb-text gb-text-42bc2fcc\">Escritor<\/div>\n<\/div>\n<\/div>\n<\/div>\n\n\n\n<div class=\"gb-element-f28cbc77\">\n<div class=\"gb-text gbp-section__text gb-text-f71ae033\">&#8220;Arte secuestrado ofrece, a partir de casos de estudio, un panorama problem\u00e1tico sobre la cultura que &#8220;nos pertenece&#8221; y la necesidad de lo que podr\u00edamos llamar una justicia post-patrimonial. Rastrear los olvidos usurpadores del Museo contribuye, como ejemplarmente hacer Catharine Titi y Katia Fach G\u00f3mez en este l\u00facido y riguroso libro, a tener una memoria cr\u00edtica y a respetar otras formas de mirar.&#8221;<\/div>\n\n\n\n<div class=\"gb-element-193c019b\">\n<div class=\"gb-element-839e355b\">\n<div class=\"gb-text gb-text-98d45f63\"><strong>Fernando Castro Florez<\/strong><\/div>\n\n\n\n<div class=\"gb-text gb-text-2fe79086\">Cr\u00edtico de arte y profesor de la Universidad Aut\u00f3noma de Madrid<\/div>\n<\/div>\n<\/div>\n<\/div>\n\n\n\n<div class=\"gb-element-5da3446f\">\n<div class=\"gb-text gbp-section__text gb-text-64290bbc\">&#8220;Estas historias relatadas con maestr\u00eda revelan un panorama muy inquietante: una letan\u00eda de codicia, deshonestidad, manipulaci\u00f3n y apropiaci\u00f3n indebida a escala internacional. <em>Arte secuestrado<\/em> lanza una llamada clara y apremiante: \u00a1por favor, devolved lo antes posible estas obras maestras a los lugares a los que realmente pertenecen!&#8221; <\/div>\n\n\n\n<div class=\"gb-element-276ee303\">\n<div class=\"gb-element-1b15076f\">\n<div class=\"gb-text gb-text-7e59baea\"><strong>Paul Cartledge<\/strong><\/div>\n\n\n\n<div class=\"gb-text gb-text-fecc6116\">Catedr\u00e1tico em\u00e9rito de Cultura Griega de la Universidad de Cambridge<\/div>\n<\/div>\n<\/div>\n<\/div>\n<\/div>\n<\/div>\n\n\n\n<div class=\"gbp-section gb-element-11c208d6\">\n<div class=\"gbp-section__inner gb-element-53c9c778\">\n<div class=\"gb-element-5613e9df\">\n<h3 class=\"gb-text gbp-section__headline gb-text-6a6e6df2\">Ediciones Pen\u00ednsula (Grupo Planeta)<\/h3>\n\n\n\n<div class=\"gb-element-10e9269a\">\n<a class=\"gb-text gbp-button--secondary gb-text-a36b6f16\" href=\"https:\/\/www.planetadelibros.com\/libro-arte-secuestrado\/433622?soporte=433623\">Acceso<\/a>\n<\/div>\n<\/div>\n<\/div>\n<\/div>\n\n\n\n<p><\/p>\n\n\n\n<h2 class=\"gb-text gb-text-839a8e91\">Noticias sobre Arte Secuestrado<\/h2>\n\n\n\n<div class=\"gb-element-afb9528c\">\n<div class=\"gb-element-3a818f6f\">\n<div><div class=\"gb-looper-0c6e034b\">\n<a class=\"gb-loop-item gb-loop-item-779b0517 post-4273 post type-post status-publish format-standard has-post-thumbnail hentry category-abducted-art\" href=\"https:\/\/katiafachgomez.com\/?p=4273\">\n<div class=\"gb-element-7c9db36d\">\n\n\n<h2 class=\"gb-text gb-text-1fe7beef\">&#8220;La restituci\u00f3n de obras incautadas durante la guerra civil y la dictadura como herramienta de consolidaci\u00f3n de la memoria democr\u00e1tica en Espa\u00f1a. Reflexiones desde el Derecho&#8221;<\/h2>\n\n\n\n<p class=\"gb-text gb-text-a51c9733\">1 December 2025<\/p>\n<\/div>\n\n\n\n<img decoding=\"async\" width=\"2000\" height=\"2222\" data-media-id=\"4274\" class=\"gb-media-8cb43df3 lazyload\" data-src=\"https:\/\/katiafachgomez.com\/wp-content\/uploads\/2025\/12\/Imagen5-Fundacion-copia.jpg\" title=\"jene-stephaniuk-lkmGeyLItrw-unsplash-ls\" alt=\"\" data-srcset=\"https:\/\/katiafachgomez.com\/wp-content\/uploads\/2025\/12\/Imagen5-Fundacion-copia.jpg 2000w, https:\/\/katiafachgomez.com\/wp-content\/uploads\/2025\/12\/Imagen5-Fundacion-copia-270x300.jpg 270w, https:\/\/katiafachgomez.com\/wp-content\/uploads\/2025\/12\/Imagen5-Fundacion-copia-922x1024.jpg 922w, https:\/\/katiafachgomez.com\/wp-content\/uploads\/2025\/12\/Imagen5-Fundacion-copia-768x853.jpg 768w, https:\/\/katiafachgomez.com\/wp-content\/uploads\/2025\/12\/Imagen5-Fundacion-copia-1383x1536.jpg 1383w, https:\/\/katiafachgomez.com\/wp-content\/uploads\/2025\/12\/Imagen5-Fundacion-copia-1843x2048.jpg 1843w\" data-sizes=\"(max-width: 2000px) 100vw, 2000px\" src=\"data:image\/svg+xml;base64,PHN2ZyB3aWR0aD0iMSIgaGVpZ2h0PSIxIiB4bWxucz0iaHR0cDovL3d3dy53My5vcmcvMjAwMC9zdmciPjwvc3ZnPg==\" style=\"--smush-placeholder-width: 2000px; --smush-placeholder-aspect-ratio: 2000\/2222;\" \/>\n<\/a>\n\n<a class=\"gb-loop-item gb-loop-item-779b0517 post-4336 post type-post status-publish format-standard has-post-thumbnail hentry category-abducted-art\" href=\"https:\/\/katiafachgomez.com\/?p=4336\">\n<div class=\"gb-element-7c9db36d\">\n\n\n<h2 class=\"gb-text gb-text-1fe7beef\">II Congreso Internacional Visiones interdisciplinares sobre el patrimonio<\/h2>\n\n\n\n<p class=\"gb-text gb-text-a51c9733\">28 November 2025<\/p>\n<\/div>\n\n\n\n<img decoding=\"async\" width=\"850\" height=\"839\" data-media-id=\"4338\" class=\"gb-media-8cb43df3 lazyload\" data-src=\"https:\/\/katiafachgomez.com\/wp-content\/uploads\/2025\/12\/28Noviembre2025-SanJorge-2025.png\" title=\"jene-stephaniuk-lkmGeyLItrw-unsplash-ls\" alt=\"\" data-srcset=\"https:\/\/katiafachgomez.com\/wp-content\/uploads\/2025\/12\/28Noviembre2025-SanJorge-2025.png 850w, https:\/\/katiafachgomez.com\/wp-content\/uploads\/2025\/12\/28Noviembre2025-SanJorge-2025-300x296.png 300w, https:\/\/katiafachgomez.com\/wp-content\/uploads\/2025\/12\/28Noviembre2025-SanJorge-2025-768x758.png 768w\" data-sizes=\"(max-width: 850px) 100vw, 850px\" src=\"data:image\/svg+xml;base64,PHN2ZyB3aWR0aD0iMSIgaGVpZ2h0PSIxIiB4bWxucz0iaHR0cDovL3d3dy53My5vcmcvMjAwMC9zdmciPjwvc3ZnPg==\" style=\"--smush-placeholder-width: 850px; --smush-placeholder-aspect-ratio: 850\/839;\" \/>\n<\/a>\n\n<a class=\"gb-loop-item gb-loop-item-779b0517 post-4255 post type-post status-publish format-standard has-post-thumbnail hentry category-abducted-art\" href=\"https:\/\/katiafachgomez.com\/?p=4255\">\n<div class=\"gb-element-7c9db36d\">\n\n\n<h2 class=\"gb-text gb-text-1fe7beef\">Gu\u00eda de descolonizaci\u00f3n muse\u00edstica para principiantes<\/h2>\n\n\n\n<p class=\"gb-text gb-text-a51c9733\">17 November 2025<\/p>\n<\/div>\n\n\n\n<img decoding=\"async\" width=\"714\" height=\"939\" data-media-id=\"4384\" class=\"gb-media-8cb43df3 lazyload\" data-src=\"https:\/\/katiafachgomez.com\/wp-content\/uploads\/2025\/11\/zero-grados.jpg\" title=\"jene-stephaniuk-lkmGeyLItrw-unsplash-ls\" alt=\"\" data-srcset=\"https:\/\/katiafachgomez.com\/wp-content\/uploads\/2025\/11\/zero-grados.jpg 714w, https:\/\/katiafachgomez.com\/wp-content\/uploads\/2025\/11\/zero-grados-228x300.jpg 228w\" data-sizes=\"(max-width: 714px) 100vw, 714px\" src=\"data:image\/svg+xml;base64,PHN2ZyB3aWR0aD0iMSIgaGVpZ2h0PSIxIiB4bWxucz0iaHR0cDovL3d3dy53My5vcmcvMjAwMC9zdmciPjwvc3ZnPg==\" style=\"--smush-placeholder-width: 714px; --smush-placeholder-aspect-ratio: 714\/939;\" \/>\n<\/a>\n\n<a class=\"gb-loop-item gb-loop-item-779b0517 post-4249 post type-post status-publish format-standard has-post-thumbnail hentry category-abducted-art\" href=\"https:\/\/katiafachgomez.com\/?p=4249\">\n<div class=\"gb-element-7c9db36d\">\n\n\n<h2 class=\"gb-text gb-text-1fe7beef\">De Hern\u00e1n Cort\u00e9s a Sheinbaum<\/h2>\n\n\n\n<p class=\"gb-text gb-text-a51c9733\">17 November 2025<\/p>\n<\/div>\n\n\n\n<img decoding=\"async\" width=\"480\" height=\"640\" data-media-id=\"4250\" class=\"gb-media-8cb43df3 lazyload\" data-src=\"https:\/\/katiafachgomez.com\/wp-content\/uploads\/2025\/12\/IMG_4482-copia-rotated.jpg\" title=\"jene-stephaniuk-lkmGeyLItrw-unsplash-ls\" alt=\"\" data-srcset=\"https:\/\/katiafachgomez.com\/wp-content\/uploads\/2025\/12\/IMG_4482-copia-rotated.jpg 480w, https:\/\/katiafachgomez.com\/wp-content\/uploads\/2025\/12\/IMG_4482-copia-225x300.jpg 225w\" data-sizes=\"(max-width: 480px) 100vw, 480px\" src=\"data:image\/svg+xml;base64,PHN2ZyB3aWR0aD0iMSIgaGVpZ2h0PSIxIiB4bWxucz0iaHR0cDovL3d3dy53My5vcmcvMjAwMC9zdmciPjwvc3ZnPg==\" style=\"--smush-placeholder-width: 480px; --smush-placeholder-aspect-ratio: 480\/640;\" \/>\n<\/a>\n\n<a class=\"gb-loop-item gb-loop-item-779b0517 post-4236 post type-post status-publish format-standard has-post-thumbnail hentry category-abducted-art\" href=\"https:\/\/katiafachgomez.com\/?p=4236\">\n<div class=\"gb-element-7c9db36d\">\n\n\n<h2 class=\"gb-text gb-text-1fe7beef\">La presencia de una ausencia<\/h2>\n\n\n\n<p class=\"gb-text gb-text-a51c9733\">10 November 2025<\/p>\n<\/div>\n\n\n\n<img decoding=\"async\" width=\"600\" height=\"792\" data-media-id=\"4237\" class=\"gb-media-8cb43df3 lazyload\" data-src=\"https:\/\/katiafachgomez.com\/wp-content\/uploads\/2025\/12\/1915-San-Miguel-copia.jpg\" title=\"jene-stephaniuk-lkmGeyLItrw-unsplash-ls\" alt=\"\" data-srcset=\"https:\/\/katiafachgomez.com\/wp-content\/uploads\/2025\/12\/1915-San-Miguel-copia.jpg 600w, https:\/\/katiafachgomez.com\/wp-content\/uploads\/2025\/12\/1915-San-Miguel-copia-227x300.jpg 227w\" data-sizes=\"(max-width: 600px) 100vw, 600px\" src=\"data:image\/svg+xml;base64,PHN2ZyB3aWR0aD0iMSIgaGVpZ2h0PSIxIiB4bWxucz0iaHR0cDovL3d3dy53My5vcmcvMjAwMC9zdmciPjwvc3ZnPg==\" style=\"--smush-placeholder-width: 600px; --smush-placeholder-aspect-ratio: 600\/792;\" \/>\n<\/a>\n\n<a class=\"gb-loop-item gb-loop-item-779b0517 post-4285 post type-post status-publish format-standard has-post-thumbnail hentry category-abducted-art\" href=\"https:\/\/katiafachgomez.com\/?p=4285\">\n<div class=\"gb-element-7c9db36d\">\n\n\n<h2 class=\"gb-text gb-text-1fe7beef\">Sine Iure<\/h2>\n\n\n\n<p class=\"gb-text gb-text-a51c9733\">5 November 2025<\/p>\n<\/div>\n\n\n\n<img decoding=\"async\" width=\"714\" height=\"939\" data-media-id=\"4386\" class=\"gb-media-8cb43df3 lazyload\" data-src=\"https:\/\/katiafachgomez.com\/wp-content\/uploads\/2025\/11\/heraldo.jpg\" title=\"jene-stephaniuk-lkmGeyLItrw-unsplash-ls\" alt=\"\" data-srcset=\"https:\/\/katiafachgomez.com\/wp-content\/uploads\/2025\/11\/heraldo.jpg 714w, https:\/\/katiafachgomez.com\/wp-content\/uploads\/2025\/11\/heraldo-228x300.jpg 228w\" data-sizes=\"(max-width: 714px) 100vw, 714px\" src=\"data:image\/svg+xml;base64,PHN2ZyB3aWR0aD0iMSIgaGVpZ2h0PSIxIiB4bWxucz0iaHR0cDovL3d3dy53My5vcmcvMjAwMC9zdmciPjwvc3ZnPg==\" style=\"--smush-placeholder-width: 714px; --smush-placeholder-aspect-ratio: 714\/939;\" \/>\n<\/a>\n\n<a class=\"gb-loop-item gb-loop-item-779b0517 post-4330 post type-post status-publish format-standard has-post-thumbnail hentry category-abducted-art\" href=\"https:\/\/katiafachgomez.com\/?p=4330\">\n<div class=\"gb-element-7c9db36d\">\n\n\n<h2 class=\"gb-text gb-text-1fe7beef\">On the Restitution of art confiscated during the Spanish Civil War and Dictatorship<\/h2>\n\n\n\n<p class=\"gb-text gb-text-a51c9733\">24 October 2025<\/p>\n<\/div>\n\n\n\n<img decoding=\"async\" width=\"714\" height=\"939\" data-media-id=\"4390\" class=\"gb-media-8cb43df3 lazyload\" data-src=\"https:\/\/katiafachgomez.com\/wp-content\/uploads\/2025\/10\/berlin.jpg\" title=\"jene-stephaniuk-lkmGeyLItrw-unsplash-ls\" alt=\"\" data-srcset=\"https:\/\/katiafachgomez.com\/wp-content\/uploads\/2025\/10\/berlin.jpg 714w, https:\/\/katiafachgomez.com\/wp-content\/uploads\/2025\/10\/berlin-228x300.jpg 228w\" data-sizes=\"(max-width: 714px) 100vw, 714px\" src=\"data:image\/svg+xml;base64,PHN2ZyB3aWR0aD0iMSIgaGVpZ2h0PSIxIiB4bWxucz0iaHR0cDovL3d3dy53My5vcmcvMjAwMC9zdmciPjwvc3ZnPg==\" style=\"--smush-placeholder-width: 714px; --smush-placeholder-aspect-ratio: 714\/939;\" \/>\n<\/a>\n\n<a class=\"gb-loop-item gb-loop-item-779b0517 post-4287 post type-post status-publish format-standard has-post-thumbnail hentry category-abducted-art\" href=\"https:\/\/katiafachgomez.com\/?p=4287\">\n<div class=\"gb-element-7c9db36d\">\n\n\n<h2 class=\"gb-text gb-text-1fe7beef\">Patrimonio cultural y justicia restaurativa<\/h2>\n\n\n\n<p class=\"gb-text gb-text-a51c9733\">5 October 2025<\/p>\n<\/div>\n\n\n\n<img decoding=\"async\" width=\"714\" height=\"939\" data-media-id=\"4386\" class=\"gb-media-8cb43df3 lazyload\" data-src=\"https:\/\/katiafachgomez.com\/wp-content\/uploads\/2025\/11\/heraldo.jpg\" title=\"jene-stephaniuk-lkmGeyLItrw-unsplash-ls\" alt=\"\" data-srcset=\"https:\/\/katiafachgomez.com\/wp-content\/uploads\/2025\/11\/heraldo.jpg 714w, https:\/\/katiafachgomez.com\/wp-content\/uploads\/2025\/11\/heraldo-228x300.jpg 228w\" data-sizes=\"(max-width: 714px) 100vw, 714px\" src=\"data:image\/svg+xml;base64,PHN2ZyB3aWR0aD0iMSIgaGVpZ2h0PSIxIiB4bWxucz0iaHR0cDovL3d3dy53My5vcmcvMjAwMC9zdmciPjwvc3ZnPg==\" style=\"--smush-placeholder-width: 714px; --smush-placeholder-aspect-ratio: 714\/939;\" \/>\n<\/a>\n\n<a class=\"gb-loop-item gb-loop-item-779b0517 post-4252 post type-post status-publish format-standard has-post-thumbnail hentry category-abducted-art\" href=\"https:\/\/katiafachgomez.com\/?p=4252\">\n<div class=\"gb-element-7c9db36d\">\n\n\n<h2 class=\"gb-text gb-text-1fe7beef\">Roundtable: Diplomacy in the Repatriation of Cultural Heritage<\/h2>\n\n\n\n<p class=\"gb-text gb-text-a51c9733\">18 September 2025<\/p>\n<\/div>\n\n\n\n<img decoding=\"async\" width=\"748\" height=\"748\" data-media-id=\"4242\" class=\"gb-media-8cb43df3 lazyload\" data-src=\"https:\/\/katiafachgomez.com\/wp-content\/uploads\/2025\/12\/4.webp\" title=\"jene-stephaniuk-lkmGeyLItrw-unsplash-ls\" alt=\"\" data-srcset=\"https:\/\/katiafachgomez.com\/wp-content\/uploads\/2025\/12\/4.webp 748w, https:\/\/katiafachgomez.com\/wp-content\/uploads\/2025\/12\/4-300x300.webp 300w, https:\/\/katiafachgomez.com\/wp-content\/uploads\/2025\/12\/4-150x150.webp 150w\" data-sizes=\"(max-width: 748px) 100vw, 748px\" src=\"data:image\/svg+xml;base64,PHN2ZyB3aWR0aD0iMSIgaGVpZ2h0PSIxIiB4bWxucz0iaHR0cDovL3d3dy53My5vcmcvMjAwMC9zdmciPjwvc3ZnPg==\" style=\"--smush-placeholder-width: 748px; --smush-placeholder-aspect-ratio: 748\/748;\" \/>\n<\/a>\n\n<a class=\"gb-loop-item gb-loop-item-779b0517 post-4241 post type-post status-publish format-standard has-post-thumbnail hentry category-abducted-art\" href=\"https:\/\/katiafachgomez.com\/?p=4241\">\n<div class=\"gb-element-7c9db36d\">\n\n\n<h2 class=\"gb-text gb-text-1fe7beef\">Mesa redonda: La renovaci\u00f3n de los discursos museogr\u00e1ficos en\u00a0Espa\u00f1a<\/h2>\n\n\n\n<p class=\"gb-text gb-text-a51c9733\">16 September 2025<\/p>\n<\/div>\n\n\n\n<img decoding=\"async\" width=\"748\" height=\"748\" data-media-id=\"4242\" class=\"gb-media-8cb43df3 lazyload\" data-src=\"https:\/\/katiafachgomez.com\/wp-content\/uploads\/2025\/12\/4.webp\" title=\"jene-stephaniuk-lkmGeyLItrw-unsplash-ls\" alt=\"\" data-srcset=\"https:\/\/katiafachgomez.com\/wp-content\/uploads\/2025\/12\/4.webp 748w, https:\/\/katiafachgomez.com\/wp-content\/uploads\/2025\/12\/4-300x300.webp 300w, https:\/\/katiafachgomez.com\/wp-content\/uploads\/2025\/12\/4-150x150.webp 150w\" data-sizes=\"(max-width: 748px) 100vw, 748px\" src=\"data:image\/svg+xml;base64,PHN2ZyB3aWR0aD0iMSIgaGVpZ2h0PSIxIiB4bWxucz0iaHR0cDovL3d3dy53My5vcmcvMjAwMC9zdmciPjwvc3ZnPg==\" style=\"--smush-placeholder-width: 748px; --smush-placeholder-aspect-ratio: 748\/748;\" \/>\n<\/a>\n<\/div>\n\n\n<div class=\"gb-element-56dffa3b gb-query-loop-pagination\">\n\n<nav class=\"gb-query-page-numbers-307375d4\"><span aria-current=\"page\" class=\"page-numbers current\">1<\/span>\n<a class=\"page-numbers\" href=\"?query-29936e23-page=2&#038;rest_route=%2Fwp%2Fv2%2Fpages%2F3133\">2<\/a><\/nav>\n\n\n<a class=\"gb-text gb-text-07672fe2\" href=\"\/index.php?rest_route=%2Fwp%2Fv2%2Fpages%2F3133&#038;query-29936e23-page=2\">Next<\/a>\n<\/div>\n<\/div>\n<\/div>\n<\/div>\n","protected":false},"excerpt":{"rendered":"<p>Arte Secuestrado Los m\u00e1rmoles del Parten\u00f3n, el penacho de Moctezuma y otras historias ocultas de nuestros museos \u00bfA qui\u00e9n pertenecen los m\u00e1rmoles del Parten\u00f3n o el busto de Nefertiti? La historia de c\u00f3mo el imperialismo y el colonialismo llenaron nuestros museos. Detr\u00e1s de muchas de las obras que admiramos cuando visitamos el Louvre, el Museo &#8230; <a title=\"Arte Secuestrado\" class=\"read-more\" href=\"https:\/\/katiafachgomez.com\/?page_id=3133\" aria-label=\"Read more about Arte Secuestrado\">Read more<\/a><\/p>\n","protected":false},"author":1,"featured_media":0,"parent":0,"menu_order":0,"comment_status":"closed","ping_status":"closed","template":"","meta":{"footnotes":""},"class_list":["post-3133","page","type-page","status-publish"],"_links":{"self":[{"href":"https:\/\/katiafachgomez.com\/index.php?rest_route=\/wp\/v2\/pages\/3133","targetHints":{"allow":["GET"]}}],"collection":[{"href":"https:\/\/katiafachgomez.com\/index.php?rest_route=\/wp\/v2\/pages"}],"about":[{"href":"https:\/\/katiafachgomez.com\/index.php?rest_route=\/wp\/v2\/types\/page"}],"author":[{"embeddable":true,"href":"https:\/\/katiafachgomez.com\/index.php?rest_route=\/wp\/v2\/users\/1"}],"replies":[{"embeddable":true,"href":"https:\/\/katiafachgomez.com\/index.php?rest_route=%2Fwp%2Fv2%2Fcomments&post=3133"}],"version-history":[{"count":45,"href":"https:\/\/katiafachgomez.com\/index.php?rest_route=\/wp\/v2\/pages\/3133\/revisions"}],"predecessor-version":[{"id":4597,"href":"https:\/\/katiafachgomez.com\/index.php?rest_route=\/wp\/v2\/pages\/3133\/revisions\/4597"}],"wp:attachment":[{"href":"https:\/\/katiafachgomez.com\/index.php?rest_route=%2Fwp%2Fv2%2Fmedia&parent=3133"}],"curies":[{"name":"wp","href":"https:\/\/api.w.org\/{rel}","templated":true}]}}