{"id":3152,"date":"2025-11-21T09:54:45","date_gmt":"2025-11-21T09:54:45","guid":{"rendered":"https:\/\/katiafachgomez.com\/?page_id=3152"},"modified":"2025-12-20T09:37:40","modified_gmt":"2025-12-20T09:37:40","slug":"videos","status":"publish","type":"page","link":"https:\/\/katiafachgomez.com\/?page_id=3152","title":{"rendered":"Videos"},"content":{"rendered":"\n<div class=\"gb-element-33a99403\" style=\"--inline-bg-image: url(https:\/\/katiafachgomez.com\/wp-content\/uploads\/2025\/12\/Foto_Interviews.jpg)\"><\/div>\n\n\n\n<div class=\"gbp-section gb-element-44342a59\">\n<div class=\"gbp-section__inner gb-element-cba32606\">\n<div class=\"gb-element-be038135\">\n<p><\/p>\n\n\n\n<h1 class=\"gb-text gbp-section__headline\">Press &amp; Media<\/h1>\n<\/div>\n<\/div>\n\n\n\n<h2 class=\"gb-text gb-text-599157e8\">Videos (selection)<\/h2>\n<\/div>\n\n\n\n<div>\n<h4 class=\"gb-text gbp-section__headline gb-text-3dd10d2b\">&#8220;Soy cient\u00edfica. Vivo en tu barrio&#8221;<\/h4>\n\n\n\n<p class=\"gb-text gbp-section__tagline gb-text-3350a073\">Marzo 2021<\/p>\n\n\n\n<div class=\"gb-element-8a5a9e4d\">\n<div class=\"gb-element-161a92dc\">\n<p class=\"gb-text gb-text-9e3f5488\">El ciclo online <strong>\u201cSoy Cient\u00edfica. Vivo en tu barrio\u201d <\/strong>ha permitido a alumnos de Secundaria y Bachillerato de Arag\u00f3n conversar y conocer el trabajo de 9 investigadoras de la Universidad de Zaragoza durante las tres mesas redondas organizadas entre el 10 y el 12 de marzo. En la actividad de la Unidad de Cultura Cient\u00edfica-Unizar y el Departamento de Educaci\u00f3n, Cultura y Deporte del Gobierno de Arag\u00f3n han participado 9 de las 11 cient\u00edficas integrantes de la campa\u00f1a gr\u00e1fica desde mupis desarrollada con el Ayuntamiento de Zaragoza. En la primera sesi\u00f3n de este ciclo, celebrada el 10 de marzo, participaron alumnos del IES Vega del Turia de Teruel y del Colegio Bajo Arag\u00f3n (Marianistas) de Zaragoza, y las investigadoras Clementina Rodellar, veterinaria, IA2 (CITA-UNIZAR), Bel\u00e9n Masi\u00e1, ingeniera inform\u00e1tica, I3A-UNIZAR y <strong>Katia Fach, jurista, IEDIS-UNIZAR.<\/strong><\/p>\n<\/div>\n<\/div>\n\n\n\n<p class=\"gb-text gbp-section__text gb-text-ab3915d3\">minuto 7 <\/p>\n\n\n\n<div>\n<div class=\"wp-block-columns is-layout-flex wp-container-core-columns-is-layout-9d6595d7 wp-block-columns-is-layout-flex\">\n<div class=\"wp-block-column is-layout-flow wp-block-column-is-layout-flow\" style=\"flex-basis:33.34%\"><\/div>\n\n\n\n<div class=\"wp-block-column is-layout-flow wp-block-column-is-layout-flow\" style=\"flex-basis:33.33%\">\n<figure class=\"wp-block-embed is-type-video is-provider-youtube wp-block-embed-youtube wp-embed-aspect-16-9 wp-has-aspect-ratio\"><div class=\"wp-block-embed__wrapper\">\n<iframe title=\"Ciclo online &quot;Soy cient\u00edfica. Vivo en tu Barrio&quot;. 1\u00ba Mesa. D\u00eda 10 marzo 2021\" width=\"1200\" height=\"675\" data-src=\"https:\/\/www.youtube.com\/embed\/1RTJnfZ5HIw?start=410&#038;feature=oembed\" frameborder=\"0\" allow=\"accelerometer; autoplay; clipboard-write; encrypted-media; gyroscope; picture-in-picture; web-share\" referrerpolicy=\"strict-origin-when-cross-origin\" allowfullscreen src=\"data:image\/svg+xml;base64,PHN2ZyB3aWR0aD0iMSIgaGVpZ2h0PSIxIiB4bWxucz0iaHR0cDovL3d3dy53My5vcmcvMjAwMC9zdmciPjwvc3ZnPg==\" class=\"lazyload\" data-load-mode=\"1\"><\/iframe>\n<\/div><\/figure>\n<\/div>\n\n\n\n<div class=\"wp-block-column is-layout-flow wp-block-column-is-layout-flow\" style=\"flex-basis:33.33%\"><\/div>\n<\/div>\n<\/div>\n\n\n\n<p class=\"gb-text gbp-section__text gb-text-ba6952ea\">minuto 24<\/p>\n\n\n\n<div>\n<div class=\"wp-block-columns is-layout-flex wp-container-core-columns-is-layout-9d6595d7 wp-block-columns-is-layout-flex\">\n<div class=\"wp-block-column is-layout-flow wp-block-column-is-layout-flow\" style=\"flex-basis:33.34%\"><\/div>\n\n\n\n<div class=\"wp-block-column is-layout-flow wp-block-column-is-layout-flow\" style=\"flex-basis:33.33%\">\n<figure class=\"wp-block-embed is-type-video is-provider-youtube wp-block-embed-youtube wp-embed-aspect-16-9 wp-has-aspect-ratio\"><div class=\"wp-block-embed__wrapper\">\n<iframe title=\"Ciclo online &quot;Soy cient\u00edfica. Vivo en tu Barrio&quot;. 1\u00ba Mesa. D\u00eda 10 marzo 2021\" width=\"1200\" height=\"675\" data-src=\"https:\/\/www.youtube.com\/embed\/1RTJnfZ5HIw?start=1447&#038;feature=oembed\" frameborder=\"0\" allow=\"accelerometer; autoplay; clipboard-write; encrypted-media; gyroscope; picture-in-picture; web-share\" referrerpolicy=\"strict-origin-when-cross-origin\" allowfullscreen src=\"data:image\/svg+xml;base64,PHN2ZyB3aWR0aD0iMSIgaGVpZ2h0PSIxIiB4bWxucz0iaHR0cDovL3d3dy53My5vcmcvMjAwMC9zdmciPjwvc3ZnPg==\" class=\"lazyload\" data-load-mode=\"1\"><\/iframe>\n<\/div><\/figure>\n<\/div>\n\n\n\n<div class=\"wp-block-column is-layout-flow wp-block-column-is-layout-flow\" style=\"flex-basis:33.33%\"><\/div>\n<\/div>\n<\/div>\n<\/div>\n\n\n\n<div class=\"gb-element-ae342a8f\">\n<h4 class=\"gb-text gbp-section__headline gb-text-4fd30dd0\">Inauguraci\u00f3n del Congreso Internacional Foreign Arbitral Awards<\/h4>\n\n\n\n<div class=\"gb-element-f2b63ff8\">\n<div class=\"gb-element-1f860d26\">\n<p class=\"gb-text gb-text-adfdf2a0\">El Campus de Sevilla de la Universidad Loyola Andaluc\u00eda ha acogido del 4 al 6 de abril de <strong>2018<\/strong>, el <strong>Congreso Internacional \u2018Foreign Arbitral Awards<\/strong>\u2019, organizado con motivo del 60 aniversario de la Convenci\u00f3n de Nueva York, que ha congregado en la capital hispalense a m\u00e1s de un centenar de expertos de 26 pa\u00edses de Europa, Am\u00e9rica, Asia y Ocean\u00eda para debatir sobre arbitraje internacional. En el acto de inauguraci\u00f3n han participado Juan Espadas Cejas, alcalde de Sevilla; Anna Joubin-Bret, secretaria general del la Comisi\u00f3n de Naciones Unidas para el Derecho Mercantil (CNUDMI); Gabriel P\u00e9rez Alcal\u00e1, rector de la Universidad Loyola Andaluc\u00eda; Vanessa Bernard, consejera delegada de Extenda; Carlos de los Santos, vicepresidente del Club Espa\u00f1ol de Arbitraje (CEA); Ana Mercedes L\u00f3pez Rodr\u00edguez, co-presidenta del Comit\u00e9 Cient\u00edfico del Congreso y profesora de la Universidad Loyola Andaluc\u00eda, y <strong>Katia Fach G\u00f3mez, co-presidenta del Comit\u00e9 Cient\u00edfico del Congreso y profesora de la Universidad de Zaragoza.<\/strong><\/p>\n<\/div>\n<\/div>\n\n\n\n<div>\n<div class=\"wp-block-columns is-layout-flex wp-container-core-columns-is-layout-9d6595d7 wp-block-columns-is-layout-flex\">\n<div class=\"wp-block-column is-layout-flow wp-block-column-is-layout-flow\" style=\"flex-basis:33.34%\"><\/div>\n\n\n\n<div class=\"wp-block-column is-layout-flow wp-block-column-is-layout-flow\" style=\"flex-basis:33.33%\">\n<figure class=\"wp-block-image size-large\"><a href=\"https:\/\/youtu.be\/E5FSX_lT3wI?si=6UpvHuCWWMOE1kuu\"><img decoding=\"async\" width=\"1024\" height=\"644\" data-src=\"https:\/\/katiafachgomez.com\/wp-content\/uploads\/2025\/12\/captura-de-pantalla1-1024x644.jpg\" alt=\"\" class=\"wp-image-4189 lazyload\" data-srcset=\"https:\/\/katiafachgomez.com\/wp-content\/uploads\/2025\/12\/captura-de-pantalla1-1024x644.jpg 1024w, https:\/\/katiafachgomez.com\/wp-content\/uploads\/2025\/12\/captura-de-pantalla1-300x189.jpg 300w, https:\/\/katiafachgomez.com\/wp-content\/uploads\/2025\/12\/captura-de-pantalla1-768x483.jpg 768w, https:\/\/katiafachgomez.com\/wp-content\/uploads\/2025\/12\/captura-de-pantalla1.jpg 1277w\" data-sizes=\"(max-width: 1024px) 100vw, 1024px\" src=\"data:image\/svg+xml;base64,PHN2ZyB3aWR0aD0iMSIgaGVpZ2h0PSIxIiB4bWxucz0iaHR0cDovL3d3dy53My5vcmcvMjAwMC9zdmciPjwvc3ZnPg==\" style=\"--smush-placeholder-width: 1024px; --smush-placeholder-aspect-ratio: 1024\/644;\" \/><\/a><\/figure>\n<\/div>\n\n\n\n<div class=\"wp-block-column is-layout-flow wp-block-column-is-layout-flow\" style=\"flex-basis:33.33%\"><\/div>\n<\/div>\n<\/div>\n<\/div>\n\n\n\n<div class=\"gb-element-eb11ec26\">\n<h4 class=\"gb-text gbp-section__headline gb-text-bf2343ff\"><a href=\"https:\/\/www.youtube.com\/watch?v=s8yPfYZxzYw\">V OPEN DE ARBITRAJE | Advocacy: el poder de la estrategia y persuasi\u00f3n<\/a><\/h4>\n\n\n\n<div class=\"gb-element-927eef98\">\n<div class=\"gb-element-d989ea6b\">\n<p class=\"gb-text gb-text-6a599ab9\">S\u00e9ptima mesa debate de la quinta edici\u00f3n del <strong>Open de Arbitraje 2019<\/strong> moderada por Marlen Est\u00e9vez (Roca Junyent), y con las intervenciones de Dorleta Vicente Garc\u00eda (Repsol), Carlos Moro (INECO), Guido Carducci (Carducci Arbitration), M\u00aa Isabel Rodr\u00edguez Vargas (Cuatrecasas) y <strong>Katia Fach G\u00f3mez (Universidad de Zaragoza).<\/strong> Celebrado el pasado 9 de mayo de 2019 en el Auditorio Rafael del Pino de Madrid, el Open de Arbitraje volvi\u00f3 a reunir una vez m\u00e1s a los mejores y m\u00e1s destacados profesionales del arbitraje nacional e internacional con el objetivo de analizar y afrontar los nuevos desaf\u00edos que este nos presenta. Tras el \u00e9xito de esta y sus anteriores ediciones, el Open se afianza como el evento de referencia de la especialidad en nuestro pa\u00eds.<\/p>\n<\/div>\n<\/div>\n\n\n\n<div>\n<div class=\"wp-block-columns is-layout-flex wp-container-core-columns-is-layout-9d6595d7 wp-block-columns-is-layout-flex\">\n<div class=\"wp-block-column is-layout-flow wp-block-column-is-layout-flow\" style=\"flex-basis:33.34%\"><\/div>\n\n\n\n<div class=\"wp-block-column is-layout-flow wp-block-column-is-layout-flow\" style=\"flex-basis:33.33%\">\n<figure class=\"wp-block-image size-large\"><img decoding=\"async\" width=\"1024\" height=\"653\" data-src=\"https:\/\/katiafachgomez.com\/wp-content\/uploads\/2025\/12\/captura-de-pantalla2-1024x653.jpg\" alt=\"\" class=\"wp-image-4192 lazyload\" data-srcset=\"https:\/\/katiafachgomez.com\/wp-content\/uploads\/2025\/12\/captura-de-pantalla2-1024x653.jpg 1024w, https:\/\/katiafachgomez.com\/wp-content\/uploads\/2025\/12\/captura-de-pantalla2-300x191.jpg 300w, https:\/\/katiafachgomez.com\/wp-content\/uploads\/2025\/12\/captura-de-pantalla2-768x490.jpg 768w, https:\/\/katiafachgomez.com\/wp-content\/uploads\/2025\/12\/captura-de-pantalla2.jpg 1273w\" data-sizes=\"(max-width: 1024px) 100vw, 1024px\" src=\"data:image\/svg+xml;base64,PHN2ZyB3aWR0aD0iMSIgaGVpZ2h0PSIxIiB4bWxucz0iaHR0cDovL3d3dy53My5vcmcvMjAwMC9zdmciPjwvc3ZnPg==\" style=\"--smush-placeholder-width: 1024px; --smush-placeholder-aspect-ratio: 1024\/653;\" \/><\/figure>\n<\/div>\n\n\n\n<div class=\"wp-block-column is-layout-flow wp-block-column-is-layout-flow\" style=\"flex-basis:33.33%\"><\/div>\n<\/div>\n<\/div>\n<\/div>\n\n\n\n<div class=\"gb-element-585188bf\">\n<h4 class=\"gb-text gbp-section__headline gb-text-401e6111\">Reformas al Arbitraje de Inversiones: \u00bfhacia un nuevo paradigma?<\/h4>\n\n\n\n<div class=\"gb-element-04700eb2\">\n<div class=\"gb-element-1bc54876\">\n<p class=\"gb-text gb-text-e2f6cc59\">El 9 de diciembre de <strong>2021 <\/strong>el <strong>Observatorio de Arbitraje Internacional y Derecho de las Inversiones Extranjeras<\/strong> organiz\u00f3 este webinar que cont\u00f3 con la participaci\u00f3n de Catharine Titi (Universidad Paris II Panth\u00e9on-Assas); <strong>Katia Fach (Universidad de Zaragoza);<\/strong> Michael Waibel (University of Viena) y Mar\u00eda Alejandra Etchegorry (Universidad de Buenos Aires). Moder\u00f3 Gabriel Bottini<\/p>\n<\/div>\n<\/div>\n<\/div>\n\n\n\n<div>\n<div class=\"wp-block-columns is-layout-flex wp-container-core-columns-is-layout-9d6595d7 wp-block-columns-is-layout-flex\">\n<div class=\"wp-block-column is-layout-flow wp-block-column-is-layout-flow\" style=\"flex-basis:33.34%\"><\/div>\n\n\n\n<div class=\"wp-block-column is-layout-flow wp-block-column-is-layout-flow\" style=\"flex-basis:33.33%\">\n<figure class=\"wp-block-image size-large\"><img decoding=\"async\" width=\"1024\" height=\"733\" data-src=\"https:\/\/katiafachgomez.com\/wp-content\/uploads\/2025\/12\/captura-de-pantalla3-1024x733.jpg\" alt=\"\" class=\"wp-image-4194 lazyload\" data-srcset=\"https:\/\/katiafachgomez.com\/wp-content\/uploads\/2025\/12\/captura-de-pantalla3-1024x733.jpg 1024w, https:\/\/katiafachgomez.com\/wp-content\/uploads\/2025\/12\/captura-de-pantalla3-300x215.jpg 300w, https:\/\/katiafachgomez.com\/wp-content\/uploads\/2025\/12\/captura-de-pantalla3-768x550.jpg 768w, https:\/\/katiafachgomez.com\/wp-content\/uploads\/2025\/12\/captura-de-pantalla3.jpg 1146w\" data-sizes=\"(max-width: 1024px) 100vw, 1024px\" src=\"data:image\/svg+xml;base64,PHN2ZyB3aWR0aD0iMSIgaGVpZ2h0PSIxIiB4bWxucz0iaHR0cDovL3d3dy53My5vcmcvMjAwMC9zdmciPjwvc3ZnPg==\" style=\"--smush-placeholder-width: 1024px; --smush-placeholder-aspect-ratio: 1024\/733;\" \/><\/figure>\n<\/div>\n\n\n\n<div class=\"wp-block-column is-layout-flow wp-block-column-is-layout-flow\" style=\"flex-basis:33.33%\"><\/div>\n<\/div>\n<\/div>\n\n\n\n<div class=\"gb-element-089201b3\">\n<h4 class=\"gb-text gbp-section__headline gb-text-1f051701\">Jornada Internet y Arag\u00f3n: evoluci\u00f3n y transformaci\u00f3n<\/h4>\n\n\n\n<p class=\"gb-text gbp-section__tagline gb-text-e49f7cc8\">2023<\/p>\n\n\n\n<div class=\"gb-element-b20a8298\">\n<div class=\"gb-element-79c15a65\">\n<p class=\"gb-text gb-text-dea2e7d7\"><strong>Litigios en internet y su soluci\u00f3n actual y futura. <br><\/strong>\u2022 Carlos L\u00f3pez-Blanco. C\u00e1mara de Comercio Internacional (ICC Espa\u00f1a). <br>\u2022 Lenka Nahlovska. Corte de Arbitraje Checa. <br>\u2022 Gonzalo Bleda. Centro de Mediaci\u00f3n y Arbitraje Organizaci\u00f3n Mundial de la Propiedad Intelectual (OMPI).<br><strong>Modera: Katia Fach G\u00f3mez.<\/strong> Profesora Titular de la Universidad de Zaragoza.<\/p>\n<\/div>\n<\/div>\n\n\n\n<div class=\"wp-block-columns is-layout-flex wp-container-core-columns-is-layout-9d6595d7 wp-block-columns-is-layout-flex\">\n<div class=\"wp-block-column is-layout-flow wp-block-column-is-layout-flow\" style=\"flex-basis:33.34%\"><\/div>\n\n\n\n<div class=\"wp-block-column is-layout-flow wp-block-column-is-layout-flow\" style=\"flex-basis:33.33%\">\n<figure class=\"wp-block-embed is-type-video is-provider-youtube wp-block-embed-youtube wp-embed-aspect-16-9 wp-has-aspect-ratio\"><div class=\"wp-block-embed__wrapper\">\n<iframe title=\"Jornada. Internet y Arag\u00f3n: evoluci\u00f3n y transformaci\u00f3n\" width=\"1200\" height=\"675\" data-src=\"https:\/\/www.youtube.com\/embed\/xGXGvMRbHqI?feature=oembed\" frameborder=\"0\" allow=\"accelerometer; autoplay; clipboard-write; encrypted-media; gyroscope; picture-in-picture; web-share\" referrerpolicy=\"strict-origin-when-cross-origin\" allowfullscreen src=\"data:image\/svg+xml;base64,PHN2ZyB3aWR0aD0iMSIgaGVpZ2h0PSIxIiB4bWxucz0iaHR0cDovL3d3dy53My5vcmcvMjAwMC9zdmciPjwvc3ZnPg==\" class=\"lazyload\" data-load-mode=\"1\"><\/iframe>\n<\/div><\/figure>\n<\/div>\n\n\n\n<div class=\"wp-block-column is-layout-flow wp-block-column-is-layout-flow\" style=\"flex-basis:33.33%\"><\/div>\n<\/div>\n<\/div>\n\n\n\n<div class=\"gb-element-af28d4e2\">\n<h4 class=\"gb-text gbp-section__headline gb-text-08b02b19\">Colaboraci\u00f3n P\u00fablico-Privada: \u201cDemandas de la Empresa Aragonesa\u201d. Sector TIC<\/h4>\n\n\n\n<p class=\"gb-text gbp-section__tagline gb-text-570879bb\">2023<\/p>\n\n\n\n<div class=\"wp-block-columns is-layout-flex wp-container-core-columns-is-layout-9d6595d7 wp-block-columns-is-layout-flex\">\n<div class=\"wp-block-column is-layout-flow wp-block-column-is-layout-flow\" style=\"flex-basis:33.34%\"><\/div>\n\n\n\n<div class=\"wp-block-column is-layout-flow wp-block-column-is-layout-flow\" style=\"flex-basis:33.33%\">\n<figure class=\"wp-block-embed is-type-video is-provider-youtube wp-block-embed-youtube wp-embed-aspect-16-9 wp-has-aspect-ratio\"><div class=\"wp-block-embed__wrapper\">\n<iframe title=\"Colaboraci\u00f3n P\u00fablico-Privada: \u201cDemandas de la Empresa Aragonesa\u201d. Sector TIC\" width=\"1200\" height=\"675\" data-src=\"https:\/\/www.youtube.com\/embed\/b-qRwUWJ920?start=7732&#038;feature=oembed\" frameborder=\"0\" allow=\"accelerometer; autoplay; clipboard-write; encrypted-media; gyroscope; picture-in-picture; web-share\" referrerpolicy=\"strict-origin-when-cross-origin\" allowfullscreen src=\"data:image\/svg+xml;base64,PHN2ZyB3aWR0aD0iMSIgaGVpZ2h0PSIxIiB4bWxucz0iaHR0cDovL3d3dy53My5vcmcvMjAwMC9zdmciPjwvc3ZnPg==\" class=\"lazyload\" data-load-mode=\"1\"><\/iframe>\n<\/div><\/figure>\n<\/div>\n\n\n\n<div class=\"wp-block-column is-layout-flow wp-block-column-is-layout-flow\" style=\"flex-basis:33.33%\"><\/div>\n<\/div>\n<\/div>\n","protected":false},"excerpt":{"rendered":"<p>Press &amp; Media Videos (selection) &#8220;Soy cient\u00edfica. Vivo en tu barrio&#8221; Marzo 2021 El ciclo online \u201cSoy Cient\u00edfica. Vivo en tu barrio\u201d ha permitido a alumnos de Secundaria y Bachillerato de Arag\u00f3n conversar y conocer el trabajo de 9 investigadoras de la Universidad de Zaragoza durante las tres mesas redondas organizadas entre el 10 y &#8230; <a title=\"Videos\" class=\"read-more\" href=\"https:\/\/katiafachgomez.com\/?page_id=3152\" aria-label=\"Read more about Videos\">Read more<\/a><\/p>\n","protected":false},"author":1,"featured_media":0,"parent":0,"menu_order":0,"comment_status":"closed","ping_status":"closed","template":"","meta":{"footnotes":""},"class_list":["post-3152","page","type-page","status-publish"],"_links":{"self":[{"href":"https:\/\/katiafachgomez.com\/index.php?rest_route=\/wp\/v2\/pages\/3152","targetHints":{"allow":["GET"]}}],"collection":[{"href":"https:\/\/katiafachgomez.com\/index.php?rest_route=\/wp\/v2\/pages"}],"about":[{"href":"https:\/\/katiafachgomez.com\/index.php?rest_route=\/wp\/v2\/types\/page"}],"author":[{"embeddable":true,"href":"https:\/\/katiafachgomez.com\/index.php?rest_route=\/wp\/v2\/users\/1"}],"replies":[{"embeddable":true,"href":"https:\/\/katiafachgomez.com\/index.php?rest_route=%2Fwp%2Fv2%2Fcomments&post=3152"}],"version-history":[{"count":20,"href":"https:\/\/katiafachgomez.com\/index.php?rest_route=\/wp\/v2\/pages\/3152\/revisions"}],"predecessor-version":[{"id":4366,"href":"https:\/\/katiafachgomez.com\/index.php?rest_route=\/wp\/v2\/pages\/3152\/revisions\/4366"}],"wp:attachment":[{"href":"https:\/\/katiafachgomez.com\/index.php?rest_route=%2Fwp%2Fv2%2Fmedia&parent=3152"}],"curies":[{"name":"wp","href":"https:\/\/api.w.org\/{rel}","templated":true}]}}